{"id":2645,"date":"2016-01-30T20:55:04","date_gmt":"2016-01-30T19:55:04","guid":{"rendered":"http:\/\/werner0304.alfahosting.org\/wordpress\/?page_id=2645"},"modified":"2022-06-18T12:45:25","modified_gmt":"2022-06-18T11:45:25","slug":"sievert-und-franz-steenbock","status":"publish","type":"page","link":"https:\/\/www.rostock-frueher.de\/wordpress\/?page_id=2645","title":{"rendered":"Sievert und Franz Steenbock"},"content":{"rendered":"<p>Sievert Nicolai Steenbock wurde 1821 in Adelbye bei Flensburg geboren. Dort\u00a0lernte er bei dem Maler Matthias Kriegsmann, der sich auch der Daguerreotypie und der Fotografie widmete.<\/p>\n<figure id=\"attachment_2647\" aria-describedby=\"caption-attachment-2647\" style=\"width: 511px\" class=\"wp-caption aligncenter\"><a href=\"http:\/\/werner0304.alfahosting.org\/wordpress\/?attachment_id=2647\" rel=\"attachment wp-att-2647\"><img loading=\"lazy\" decoding=\"async\" class=\"size-full wp-image-2647\" src=\"http:\/\/werner0304.alfahosting.org\/wordpress\/wp-content\/uploads\/2016\/01\/flensburg-kriegsmann-m-frau-cdv.jpg\" alt=\"M. Kriegsmann. Visitformat. 1860er Jahre\" width=\"511\" height=\"413\" srcset=\"https:\/\/www.rostock-frueher.de\/wordpress\/wp-content\/uploads\/2016\/01\/flensburg-kriegsmann-m-frau-cdv.jpg 511w, https:\/\/www.rostock-frueher.de\/wordpress\/wp-content\/uploads\/2016\/01\/flensburg-kriegsmann-m-frau-cdv-300x242.jpg 300w\" sizes=\"auto, (max-width: 511px) 100vw, 511px\" \/><\/a><figcaption id=\"caption-attachment-2647\" class=\"wp-caption-text\">M. Kriegsmann. Visitformat. 1860er Jahre<\/figcaption><\/figure>\n<p>In den 1840er Jahren war Steenbock zeitweilig in Rostock, ab 1846 wohl dauerhaft. 1849 erhielt Steenbock eine Konzession als Lithograph und das Rostocker B\u00fcrgerrecht. Steenbock war vielseitig interessiert und gebildet, arbeitete auch als Portr\u00e4t- und Landschaftsmaler, war Ornithologe und Pr\u00e4parator. 1850 bis 1863 war Steenbock Konservator am Academischen Museum der Universit\u00e4t. Mehr zu diesen T\u00e4tigkeitsfeldern finden Sie in dem von Renate Seemann verfassten Aufsatz &#8222;Sievert Nicolai Steenbock &#8211; ein fast vergessener mecklenburgischer Ornithologe, Pr\u00e4parator und Fotograf&#8220; in\u00a0&#8222;Stier und Greif&#8220; Jahrgang 2000.<br \/>\n1852 er\u00f6ffnete Steenbock ein fotografisches Atelier, arbeitete anfangs in der Langen Str. 64, ab 1856 in der Eself\u00f6terstra\u00dfe, ab 1863 in der Ko\u00dffelderstr. 7.<br \/>\nSteenbock fertigte ganz \u00fcberwiegend Portr\u00e4taufnahmen. Die folgenden Aufnahmen stammen aus der Zeit von 1863 bis 1882 und sind in der (wahrscheinlichen) zeitlichen Abfolge abgebildet. Es sind allesamt Visitformate. Es f\u00e4llt auf, dass die abzulichtenden Personen ganz \u00fcberwiegend in die Kamera sahen oder zumindest in die Richtung. So kommt eine gewisse pers\u00f6nliche Atmosph\u00e4re zustande. Die h\u00f6fische Attit\u00fcde, ins Irgendwo zu starren, kommt erst sp\u00e4ter auf.<br \/>\n<a href=\"http:\/\/werner0304.alfahosting.org\/wordpress\/?attachment_id=2659\" rel=\"attachment wp-att-2659\"><img loading=\"lazy\" decoding=\"async\" class=\"aligncenter size-full wp-image-2659\" src=\"http:\/\/werner0304.alfahosting.org\/wordpress\/wp-content\/uploads\/2016\/01\/steenbock-frau-cdv-2.jpg\" alt=\"steenbock-frau-cdv-2\" width=\"244\" height=\"392\" srcset=\"https:\/\/www.rostock-frueher.de\/wordpress\/wp-content\/uploads\/2016\/01\/steenbock-frau-cdv-2.jpg 244w, https:\/\/www.rostock-frueher.de\/wordpress\/wp-content\/uploads\/2016\/01\/steenbock-frau-cdv-2-187x300.jpg 187w\" sizes=\"auto, (max-width: 244px) 100vw, 244px\" \/><\/a><\/p>\n<figure id=\"attachment_2660\" aria-describedby=\"caption-attachment-2660\" style=\"width: 259px\" class=\"wp-caption aligncenter\"><a href=\"http:\/\/werner0304.alfahosting.org\/wordpress\/?attachment_id=2660\" rel=\"attachment wp-att-2660\"><img loading=\"lazy\" decoding=\"async\" class=\"size-full wp-image-2660\" src=\"http:\/\/werner0304.alfahosting.org\/wordpress\/wp-content\/uploads\/2016\/01\/steenbock-utpatel-18d_Suhr_Album_Unbekannt_f_1200_Ab.jpg\" alt=\"Pr\u00e4gung unten: S. STEENBOCK ROSTOCK. \u00a9 Sammlung J\u00f6rg Utpatel\" width=\"259\" height=\"410\" srcset=\"https:\/\/www.rostock-frueher.de\/wordpress\/wp-content\/uploads\/2016\/01\/steenbock-utpatel-18d_Suhr_Album_Unbekannt_f_1200_Ab.jpg 259w, https:\/\/www.rostock-frueher.de\/wordpress\/wp-content\/uploads\/2016\/01\/steenbock-utpatel-18d_Suhr_Album_Unbekannt_f_1200_Ab-190x300.jpg 190w\" sizes=\"auto, (max-width: 259px) 100vw, 259px\" \/><\/a><figcaption id=\"caption-attachment-2660\" class=\"wp-caption-text\">Pr\u00e4gung unten: S. STEENBOCK ROSTOCK. \u00a9 Sammlung J\u00f6rg Utpatel<\/figcaption><\/figure>\n<p><a href=\"http:\/\/werner0304.alfahosting.org\/wordpress\/?attachment_id=2649\" rel=\"attachment wp-att-2649\"><img loading=\"lazy\" decoding=\"async\" class=\"aligncenter size-full wp-image-2649\" src=\"http:\/\/werner0304.alfahosting.org\/wordpress\/wp-content\/uploads\/2016\/01\/steenbock-1864-1884-cdv.jpg\" alt=\"steenbock-1864-1884-cdv\" width=\"510\" height=\"404\" srcset=\"https:\/\/www.rostock-frueher.de\/wordpress\/wp-content\/uploads\/2016\/01\/steenbock-1864-1884-cdv.jpg 510w, https:\/\/www.rostock-frueher.de\/wordpress\/wp-content\/uploads\/2016\/01\/steenbock-1864-1884-cdv-300x238.jpg 300w\" sizes=\"auto, (max-width: 510px) 100vw, 510px\" \/><\/a><\/p>\n<p><a href=\"http:\/\/werner0304.alfahosting.org\/wordpress\/?attachment_id=2651\" rel=\"attachment wp-att-2651\"><img loading=\"lazy\" decoding=\"async\" class=\"aligncenter size-full wp-image-2651\" src=\"http:\/\/werner0304.alfahosting.org\/wordpress\/wp-content\/uploads\/2016\/01\/steenbock-frau-profil-cdv.jpg\" alt=\"steenbock-frau-profil-cdv\" width=\"510\" height=\"408\" srcset=\"https:\/\/www.rostock-frueher.de\/wordpress\/wp-content\/uploads\/2016\/01\/steenbock-frau-profil-cdv.jpg 510w, https:\/\/www.rostock-frueher.de\/wordpress\/wp-content\/uploads\/2016\/01\/steenbock-frau-profil-cdv-300x240.jpg 300w\" sizes=\"auto, (max-width: 510px) 100vw, 510px\" \/><\/a><br \/>\n<a href=\"http:\/\/werner0304.alfahosting.org\/wordpress\/?attachment_id=2653\" rel=\"attachment wp-att-2653\"><img loading=\"lazy\" decoding=\"async\" class=\"aligncenter size-full wp-image-2653\" src=\"http:\/\/werner0304.alfahosting.org\/wordpress\/wp-content\/uploads\/2016\/01\/steenbock-jordan-frau-cdv.jpg\" alt=\"steenbock-jordan-frau-cdv\" width=\"518\" height=\"409\" srcset=\"https:\/\/www.rostock-frueher.de\/wordpress\/wp-content\/uploads\/2016\/01\/steenbock-jordan-frau-cdv.jpg 518w, https:\/\/www.rostock-frueher.de\/wordpress\/wp-content\/uploads\/2016\/01\/steenbock-jordan-frau-cdv-300x237.jpg 300w\" sizes=\"auto, (max-width: 518px) 100vw, 518px\" \/><\/a><br \/>\n<a href=\"http:\/\/werner0304.alfahosting.org\/wordpress\/?attachment_id=2648\" rel=\"attachment wp-att-2648\"><img loading=\"lazy\" decoding=\"async\" class=\"aligncenter size-full wp-image-2648\" src=\"http:\/\/werner0304.alfahosting.org\/wordpress\/wp-content\/uploads\/2016\/01\/regolin-02-06-steenbock-cdv.jpg\" alt=\"regolin-02-06-steenbock-cdv\" width=\"489\" height=\"397\" srcset=\"https:\/\/www.rostock-frueher.de\/wordpress\/wp-content\/uploads\/2016\/01\/regolin-02-06-steenbock-cdv.jpg 489w, https:\/\/www.rostock-frueher.de\/wordpress\/wp-content\/uploads\/2016\/01\/regolin-02-06-steenbock-cdv-300x244.jpg 300w\" sizes=\"auto, (max-width: 489px) 100vw, 489px\" \/><\/a><br \/>\n<a href=\"http:\/\/werner0304.alfahosting.org\/wordpress\/?attachment_id=2652\" rel=\"attachment wp-att-2652\"><img loading=\"lazy\" decoding=\"async\" class=\"aligncenter size-full wp-image-2652\" src=\"http:\/\/werner0304.alfahosting.org\/wordpress\/wp-content\/uploads\/2016\/01\/steenbock-frau-vielleicht-koloriert-cdv.jpg\" alt=\"steenbock-frau-vielleicht-koloriert-cdv\" width=\"474\" height=\"413\" srcset=\"https:\/\/www.rostock-frueher.de\/wordpress\/wp-content\/uploads\/2016\/01\/steenbock-frau-vielleicht-koloriert-cdv.jpg 474w, https:\/\/www.rostock-frueher.de\/wordpress\/wp-content\/uploads\/2016\/01\/steenbock-frau-vielleicht-koloriert-cdv-300x261.jpg 300w\" sizes=\"auto, (max-width: 474px) 100vw, 474px\" \/><\/a><br \/>\n<a href=\"http:\/\/werner0304.alfahosting.org\/wordpress\/?attachment_id=2656\" rel=\"attachment wp-att-2656\"><img loading=\"lazy\" decoding=\"async\" class=\"aligncenter size-full wp-image-2656\" src=\"http:\/\/werner0304.alfahosting.org\/wordpress\/wp-content\/uploads\/2016\/01\/steenbock-zwei-maedchen-cdv.jpg\" alt=\"steenbock-zwei-maedchen-cdv\" width=\"476\" height=\"413\" srcset=\"https:\/\/www.rostock-frueher.de\/wordpress\/wp-content\/uploads\/2016\/01\/steenbock-zwei-maedchen-cdv.jpg 476w, https:\/\/www.rostock-frueher.de\/wordpress\/wp-content\/uploads\/2016\/01\/steenbock-zwei-maedchen-cdv-300x260.jpg 300w\" sizes=\"auto, (max-width: 476px) 100vw, 476px\" \/><\/a><br \/>\n<a href=\"http:\/\/werner0304.alfahosting.org\/wordpress\/?attachment_id=2654\" rel=\"attachment wp-att-2654\"><img loading=\"lazy\" decoding=\"async\" class=\"aligncenter size-full wp-image-2654\" src=\"http:\/\/werner0304.alfahosting.org\/wordpress\/wp-content\/uploads\/2016\/01\/steenbock-jordan-gruppe-cdv.jpg\" alt=\"steenbock-jordan-gruppe-cdv\" width=\"527\" height=\"413\" srcset=\"https:\/\/www.rostock-frueher.de\/wordpress\/wp-content\/uploads\/2016\/01\/steenbock-jordan-gruppe-cdv.jpg 527w, https:\/\/www.rostock-frueher.de\/wordpress\/wp-content\/uploads\/2016\/01\/steenbock-jordan-gruppe-cdv-300x235.jpg 300w\" sizes=\"auto, (max-width: 527px) 100vw, 527px\" \/><\/a><br \/>\n<a href=\"http:\/\/werner0304.alfahosting.org\/wordpress\/?attachment_id=2661\" rel=\"attachment wp-att-2661\"><img loading=\"lazy\" decoding=\"async\" class=\"aligncenter size-full wp-image-2661\" src=\"http:\/\/werner0304.alfahosting.org\/wordpress\/wp-content\/uploads\/2016\/01\/dieckelmann-27-steenbock-cdv.jpg\" alt=\"dieckelmann-27-steenbock-cdv\" width=\"490\" height=\"400\" srcset=\"https:\/\/www.rostock-frueher.de\/wordpress\/wp-content\/uploads\/2016\/01\/dieckelmann-27-steenbock-cdv.jpg 490w, https:\/\/www.rostock-frueher.de\/wordpress\/wp-content\/uploads\/2016\/01\/dieckelmann-27-steenbock-cdv-300x245.jpg 300w\" sizes=\"auto, (max-width: 490px) 100vw, 490px\" \/><\/a>Steenbock hatte 1850 geheiratet. 1860 wurde Sohn Franz geboren, der 1884 in das Fotografengesch\u00e4ft des Vaters mit einstieg. Das Atelier firmierte nun als Steenbock &amp; Sohn.<\/p>\n<figure id=\"attachment_2668\" aria-describedby=\"caption-attachment-2668\" style=\"width: 709px\" class=\"wp-caption aligncenter\"><a href=\"http:\/\/werner0304.alfahosting.org\/wordpress\/?attachment_id=2668\" rel=\"attachment wp-att-2668\"><img loading=\"lazy\" decoding=\"async\" class=\"size-full wp-image-2668\" src=\"http:\/\/werner0304.alfahosting.org\/wordpress\/wp-content\/uploads\/2016\/02\/steenbock-ra-1884-06-13.jpg\" alt=\"Rostocker Anzeiger, 13.06.1884\" width=\"709\" height=\"274\" srcset=\"https:\/\/www.rostock-frueher.de\/wordpress\/wp-content\/uploads\/2016\/02\/steenbock-ra-1884-06-13.jpg 709w, https:\/\/www.rostock-frueher.de\/wordpress\/wp-content\/uploads\/2016\/02\/steenbock-ra-1884-06-13-300x116.jpg 300w\" sizes=\"auto, (max-width: 709px) 100vw, 709px\" \/><\/a><figcaption id=\"caption-attachment-2668\" class=\"wp-caption-text\">Rostocker Anzeiger, 13.06.1884<\/figcaption><\/figure>\n<p>Steenbock fertigte auch Landschafts- und Stadtansichten.<\/p>\n<figure id=\"attachment_2667\" aria-describedby=\"caption-attachment-2667\" style=\"width: 907px\" class=\"wp-caption aligncenter\"><a href=\"http:\/\/werner0304.alfahosting.org\/wordpress\/?attachment_id=2667\" rel=\"attachment wp-att-2667\"><img loading=\"lazy\" decoding=\"async\" class=\"size-full wp-image-2667\" src=\"http:\/\/werner0304.alfahosting.org\/wordpress\/wp-content\/uploads\/2016\/02\/steenbock-moen-rz-1885-06-09.jpg\" alt=\"Rostocker Zeitung, 09.06.1885\" width=\"907\" height=\"118\" srcset=\"https:\/\/www.rostock-frueher.de\/wordpress\/wp-content\/uploads\/2016\/02\/steenbock-moen-rz-1885-06-09.jpg 907w, https:\/\/www.rostock-frueher.de\/wordpress\/wp-content\/uploads\/2016\/02\/steenbock-moen-rz-1885-06-09-300x39.jpg 300w, https:\/\/www.rostock-frueher.de\/wordpress\/wp-content\/uploads\/2016\/02\/steenbock-moen-rz-1885-06-09-768x100.jpg 768w\" sizes=\"auto, (max-width: 907px) 100vw, 907px\" \/><\/a><figcaption id=\"caption-attachment-2667\" class=\"wp-caption-text\">Rostocker Zeitung, 09.06.1885<\/figcaption><\/figure>\n<figure id=\"attachment_4325\" aria-describedby=\"caption-attachment-4325\" style=\"width: 665px\" class=\"wp-caption aligncenter\"><a href=\"http:\/\/werner0304.alfahosting.org\/wordpress\/?attachment_id=4325\" rel=\"attachment wp-att-4325\"><img loading=\"lazy\" decoding=\"async\" class=\"size-full wp-image-4325\" src=\"http:\/\/werner0304.alfahosting.org\/wordpress\/wp-content\/uploads\/2018\/08\/steenbock-moen-kab.jpg\" alt=\"\" width=\"665\" height=\"435\" srcset=\"https:\/\/www.rostock-frueher.de\/wordpress\/wp-content\/uploads\/2018\/08\/steenbock-moen-kab.jpg 665w, https:\/\/www.rostock-frueher.de\/wordpress\/wp-content\/uploads\/2018\/08\/steenbock-moen-kab-300x196.jpg 300w\" sizes=\"auto, (max-width: 665px) 100vw, 665px\" \/><\/a><figcaption id=\"caption-attachment-4325\" class=\"wp-caption-text\">Kabinettformat. R\u00fcckseitig handschriftlich notiert: D\u00e4nische Insel Moen, Lille Klint<\/figcaption><\/figure>\n<p>Im Sommer blieb das Atelier \u00fcber Wochen geschlossen.<\/p>\n<figure id=\"attachment_2669\" aria-describedby=\"caption-attachment-2669\" style=\"width: 727px\" class=\"wp-caption aligncenter\"><a href=\"http:\/\/werner0304.alfahosting.org\/wordpress\/?attachment_id=2669\" rel=\"attachment wp-att-2669\"><img loading=\"lazy\" decoding=\"async\" class=\"size-full wp-image-2669\" src=\"http:\/\/werner0304.alfahosting.org\/wordpress\/wp-content\/uploads\/2016\/02\/steenbock-rz-1885-07-25.jpg\" alt=\"Rostocker Anzeiger, 25.07.1885\" width=\"727\" height=\"68\" srcset=\"https:\/\/www.rostock-frueher.de\/wordpress\/wp-content\/uploads\/2016\/02\/steenbock-rz-1885-07-25.jpg 727w, https:\/\/www.rostock-frueher.de\/wordpress\/wp-content\/uploads\/2016\/02\/steenbock-rz-1885-07-25-300x28.jpg 300w\" sizes=\"auto, (max-width: 727px) 100vw, 727px\" \/><\/a><figcaption id=\"caption-attachment-2669\" class=\"wp-caption-text\">Rostocker Anzeiger, 25.07.1885<\/figcaption><\/figure>\n<figure id=\"attachment_2670\" aria-describedby=\"caption-attachment-2670\" style=\"width: 858px\" class=\"wp-caption aligncenter\"><a href=\"http:\/\/werner0304.alfahosting.org\/wordpress\/?attachment_id=2670\" rel=\"attachment wp-att-2670\"><img loading=\"lazy\" decoding=\"async\" class=\"size-full wp-image-2670\" src=\"http:\/\/werner0304.alfahosting.org\/wordpress\/wp-content\/uploads\/2016\/02\/steenbock-rz-1885-09-07.jpg\" alt=\"Rostocker Zeitung, 07.09.1885\" width=\"858\" height=\"140\" srcset=\"https:\/\/www.rostock-frueher.de\/wordpress\/wp-content\/uploads\/2016\/02\/steenbock-rz-1885-09-07.jpg 858w, https:\/\/www.rostock-frueher.de\/wordpress\/wp-content\/uploads\/2016\/02\/steenbock-rz-1885-09-07-300x49.jpg 300w, https:\/\/www.rostock-frueher.de\/wordpress\/wp-content\/uploads\/2016\/02\/steenbock-rz-1885-09-07-768x125.jpg 768w\" sizes=\"auto, (max-width: 858px) 100vw, 858px\" \/><\/a><figcaption id=\"caption-attachment-2670\" class=\"wp-caption-text\">Rostocker Zeitung, 07.09.1885<\/figcaption><\/figure>\n<p>Die nachfolgenden\u00a0Visitformate entstanden in der Zeit 1884 bis 1892:<br \/>\n<a href=\"http:\/\/werner0304.alfahosting.org\/wordpress\/?attachment_id=2664\" rel=\"attachment wp-att-2664\"><img loading=\"lazy\" decoding=\"async\" class=\"aligncenter size-full wp-image-2664\" src=\"http:\/\/werner0304.alfahosting.org\/wordpress\/wp-content\/uploads\/2016\/02\/regolin-03-11-steenbock-todtenhaupt-cdv-1.jpg\" alt=\"regolin-03-11-steenbock-todtenhaupt-cdv-1\" width=\"659\" height=\"409\" srcset=\"https:\/\/www.rostock-frueher.de\/wordpress\/wp-content\/uploads\/2016\/02\/regolin-03-11-steenbock-todtenhaupt-cdv-1.jpg 659w, https:\/\/www.rostock-frueher.de\/wordpress\/wp-content\/uploads\/2016\/02\/regolin-03-11-steenbock-todtenhaupt-cdv-1-300x186.jpg 300w\" sizes=\"auto, (max-width: 659px) 100vw, 659px\" \/><\/a><br \/>\n<a href=\"http:\/\/werner0304.alfahosting.org\/wordpress\/?attachment_id=2665\" rel=\"attachment wp-att-2665\"><img loading=\"lazy\" decoding=\"async\" class=\"aligncenter size-full wp-image-2665\" src=\"http:\/\/werner0304.alfahosting.org\/wordpress\/wp-content\/uploads\/2016\/02\/steenbock-kind-puppe-cdv.jpg\" alt=\"steenbock-kind-puppe-cdv\" width=\"664\" height=\"413\" srcset=\"https:\/\/www.rostock-frueher.de\/wordpress\/wp-content\/uploads\/2016\/02\/steenbock-kind-puppe-cdv.jpg 664w, https:\/\/www.rostock-frueher.de\/wordpress\/wp-content\/uploads\/2016\/02\/steenbock-kind-puppe-cdv-300x187.jpg 300w\" sizes=\"auto, (max-width: 664px) 100vw, 664px\" \/><\/a><\/p>\n<p>Die Photokartons wurden in Berlin von Alex Lindner gefertigt.<\/p>\n<figure id=\"attachment_2666\" aria-describedby=\"caption-attachment-2666\" style=\"width: 624px\" class=\"wp-caption aligncenter\"><a href=\"http:\/\/werner0304.alfahosting.org\/wordpress\/?attachment_id=2666\" rel=\"attachment wp-att-2666\"><img loading=\"lazy\" decoding=\"async\" class=\"size-full wp-image-2666\" src=\"http:\/\/werner0304.alfahosting.org\/wordpress\/wp-content\/uploads\/2016\/02\/steenbock-kleinkind-cdv-r1.jpg\" alt=\"Kartonr\u00fcckseite, Ausschnitt, vergr\u00f6\u00dfert.\" width=\"624\" height=\"79\" srcset=\"https:\/\/www.rostock-frueher.de\/wordpress\/wp-content\/uploads\/2016\/02\/steenbock-kleinkind-cdv-r1.jpg 624w, https:\/\/www.rostock-frueher.de\/wordpress\/wp-content\/uploads\/2016\/02\/steenbock-kleinkind-cdv-r1-300x38.jpg 300w\" sizes=\"auto, (max-width: 624px) 100vw, 624px\" \/><\/a><figcaption id=\"caption-attachment-2666\" class=\"wp-caption-text\">Kartonr\u00fcckseite, Ausschnitt, vergr\u00f6\u00dfert.<\/figcaption><\/figure>\n<p>Um 1890 verwendete Steenbock wahrscheinlich Albumin- (oben) und Gelantinepapiere (nachfolgend) parallel.<br \/>\n<a href=\"http:\/\/werner0304.alfahosting.org\/wordpress\/?attachment_id=2663\" rel=\"attachment wp-att-2663\"><img loading=\"lazy\" decoding=\"async\" class=\"aligncenter size-full wp-image-2663\" src=\"http:\/\/werner0304.alfahosting.org\/wordpress\/wp-content\/uploads\/2016\/02\/03-12-steenbock-luise-cdv.jpg\" alt=\"03-12-steenbock-luise-cdv\" width=\"514\" height=\"413\" srcset=\"https:\/\/www.rostock-frueher.de\/wordpress\/wp-content\/uploads\/2016\/02\/03-12-steenbock-luise-cdv.jpg 514w, https:\/\/www.rostock-frueher.de\/wordpress\/wp-content\/uploads\/2016\/02\/03-12-steenbock-luise-cdv-300x241.jpg 300w\" sizes=\"auto, (max-width: 514px) 100vw, 514px\" \/><\/a><br \/>\n<a href=\"http:\/\/werner0304.alfahosting.org\/wordpress\/?attachment_id=2671\" rel=\"attachment wp-att-2671\"><img loading=\"lazy\" decoding=\"async\" class=\"aligncenter size-full wp-image-2671\" src=\"http:\/\/werner0304.alfahosting.org\/wordpress\/wp-content\/uploads\/2016\/02\/steenbock-sohn-alte-frau-cdv.jpg\" alt=\"steenbock-sohn-alte-frau-cdv\" width=\"502\" height=\"404\" srcset=\"https:\/\/www.rostock-frueher.de\/wordpress\/wp-content\/uploads\/2016\/02\/steenbock-sohn-alte-frau-cdv.jpg 502w, https:\/\/www.rostock-frueher.de\/wordpress\/wp-content\/uploads\/2016\/02\/steenbock-sohn-alte-frau-cdv-300x241.jpg 300w\" sizes=\"auto, (max-width: 502px) 100vw, 502px\" \/><\/a><\/p>\n<p>Auch diese Kartons stammten aus Berlin, von der Firma eines der mecklenburgischen Fotopioniere, von Ludwig Gustav Kleffel und Sohn. Kleffel war in den 1860er Jahren von Goldberg nach Berlin gezogen. Die letzten Lebensjahre bis zu seinem Tod 1885 verbrachte Kleffel in Rostock, die Berliner Firma existierte noch Jahrzehnte weiter.<\/p>\n<figure id=\"attachment_2672\" aria-describedby=\"caption-attachment-2672\" style=\"width: 939px\" class=\"wp-caption aligncenter\"><a href=\"http:\/\/werner0304.alfahosting.org\/wordpress\/?attachment_id=2672\" rel=\"attachment wp-att-2672\"><img loading=\"lazy\" decoding=\"async\" class=\"wp-image-2672 size-full\" src=\"http:\/\/werner0304.alfahosting.org\/wordpress\/wp-content\/uploads\/2016\/02\/steenbock-suse-1893-cdv-r.jpg\" alt=\"Musterschutz L.G.K. &amp; S.\" width=\"939\" height=\"54\" srcset=\"https:\/\/www.rostock-frueher.de\/wordpress\/wp-content\/uploads\/2016\/02\/steenbock-suse-1893-cdv-r.jpg 939w, https:\/\/www.rostock-frueher.de\/wordpress\/wp-content\/uploads\/2016\/02\/steenbock-suse-1893-cdv-r-300x17.jpg 300w, https:\/\/www.rostock-frueher.de\/wordpress\/wp-content\/uploads\/2016\/02\/steenbock-suse-1893-cdv-r-768x44.jpg 768w\" sizes=\"auto, (max-width: 939px) 100vw, 939px\" \/><\/a><figcaption id=\"caption-attachment-2672\" class=\"wp-caption-text\">Musterschutz L.G.K. &amp; S. ; Kartonr\u00fcckseite, Ausschnitt, vergr\u00f6\u00dfert.<\/figcaption><\/figure>\n<p>Sievert Steenbock war umtriebig, im Beruf und in der Freizeit. Von 1861 bis zu seinem Tod war er aufgrund seiner ornithologischen Interessen aktives Mitglied im Verein der Freunde der Naturgeschichte Mecklenburgs. In den 1880er Jahren wirkte Steenbock im Vorstand von Canaria. Verein f\u00fcr Singv\u00f6gel- und Gefl\u00fcgelzucht zu Rostock, in den 1860er und 1870er Jahren war er Mitglied des Rostocker Kunstvereins.<\/p>\n<p>Steenbock nahm wohl regelm\u00e4\u00dfig an den Landes-Gewerbeausstellungen teil, so 1872 mit Chromo-Photographien.<br \/>\nAls 1892 die Mecklenburgische Landes-Gewerbe- und Industrieausstellung wieder in Rostock stattfand jubelte der Rostocker Anzeiger am 02.08.1892 \u00fcber die Steenbockschen Ausstellungsst\u00fccke: \u201eDarf das Steenbock\u00b4sche Atelier sich \u00fcberhaupt als eins der allerbesten betrachten, so m\u00fcssen wir gestehen, da\u00df wir die photographischen Vergr\u00f6\u00dferungen desselben in keiner Gro\u00dfstadt in gleicher Ausf\u00fchrung gesehen haben. Da ist die Hand eines K\u00fcnstlers am Werk. Die Feinheit dieser Kreidezeichnungen, die nicht nur den Fleischton wiedergeben, sondern auch das Charakteristische der Gewandungen so deutlich markiren, da\u00df wir die Art des Bekleidungsstoffes sofort erkennen, ist mit gutem Grunde von allen Beschauern bewundert worden. Leben und Naturwahrheit athmen diese meisterhaften Bilder, die mit den Sch\u00f6pfungen des Malers wetteifern, dem die Farbenpalette zur Seite steht.\u201c<br \/>\nIn W\u00fcrdigung dieser Leistungen wurde Steenbock im September 1892 der Titel des Hofphotographen verliehen.<\/p>\n<figure id=\"attachment_2684\" aria-describedby=\"caption-attachment-2684\" style=\"width: 516px\" class=\"wp-caption aligncenter\"><a href=\"http:\/\/werner0304.alfahosting.org\/wordpress\/?attachment_id=2684\" rel=\"attachment wp-att-2684\"><img loading=\"lazy\" decoding=\"async\" class=\"size-full wp-image-2684\" src=\"http:\/\/werner0304.alfahosting.org\/wordpress\/wp-content\/uploads\/2016\/02\/steenbock-maedchen-k7-cdv.jpg\" alt=\"Visitformat, r\u00fcckseitig oben rechts der Hinweis auf die Silberne Medaille 1892\" width=\"516\" height=\"399\" srcset=\"https:\/\/www.rostock-frueher.de\/wordpress\/wp-content\/uploads\/2016\/02\/steenbock-maedchen-k7-cdv.jpg 516w, https:\/\/www.rostock-frueher.de\/wordpress\/wp-content\/uploads\/2016\/02\/steenbock-maedchen-k7-cdv-300x232.jpg 300w\" sizes=\"auto, (max-width: 516px) 100vw, 516px\" \/><\/a><figcaption id=\"caption-attachment-2684\" class=\"wp-caption-text\">Visitformat, r\u00fcckseitig oben rechts der Hinweis auf die Silberne Medaille 1892<\/figcaption><\/figure>\n<p>Zwei Jahre sp\u00e4ter zog das Steenbocksche Atelier in das Dachgeschoss Am Hopfenmarkt 4.<\/p>\n<figure id=\"attachment_2678\" aria-describedby=\"caption-attachment-2678\" style=\"width: 566px\" class=\"wp-caption aligncenter\"><a href=\"http:\/\/werner0304.alfahosting.org\/wordpress\/?attachment_id=2678\" rel=\"attachment wp-att-2678\"><img loading=\"lazy\" decoding=\"async\" class=\"size-full wp-image-2678\" src=\"http:\/\/werner0304.alfahosting.org\/wordpress\/wp-content\/uploads\/2016\/02\/hopfenmarkt-blutstr-ak-repro.jpg\" alt=\"Ausschnitt einer Ansichtskarte. Markierung am Atelier\" width=\"566\" height=\"513\" srcset=\"https:\/\/www.rostock-frueher.de\/wordpress\/wp-content\/uploads\/2016\/02\/hopfenmarkt-blutstr-ak-repro.jpg 566w, https:\/\/www.rostock-frueher.de\/wordpress\/wp-content\/uploads\/2016\/02\/hopfenmarkt-blutstr-ak-repro-300x272.jpg 300w\" sizes=\"auto, (max-width: 566px) 100vw, 566px\" \/><\/a><figcaption id=\"caption-attachment-2678\" class=\"wp-caption-text\">Ausschnitt einer Ansichtskarte. Markierung am Atelier<\/figcaption><\/figure>\n<p>Und noch einmal aus der anderen Richtung:<a href=\"http:\/\/werner0304.alfahosting.org\/wordpress\/?attachment_id=2676\" rel=\"attachment wp-att-2676\"><img loading=\"lazy\" decoding=\"async\" class=\"aligncenter size-full wp-image-2676\" src=\"http:\/\/werner0304.alfahosting.org\/wordpress\/wp-content\/uploads\/2016\/02\/blutstrasse-1920-ak-detail-hopfenmarkt-4.jpg\" alt=\"blutstrasse-1920-ak-detail-hopfenmarkt-4\" width=\"358\" height=\"469\" srcset=\"https:\/\/www.rostock-frueher.de\/wordpress\/wp-content\/uploads\/2016\/02\/blutstrasse-1920-ak-detail-hopfenmarkt-4.jpg 358w, https:\/\/www.rostock-frueher.de\/wordpress\/wp-content\/uploads\/2016\/02\/blutstrasse-1920-ak-detail-hopfenmarkt-4-229x300.jpg 229w\" sizes=\"auto, (max-width: 358px) 100vw, 358px\" \/><\/a><\/p>\n<p>Die folgenden drei Abbildungen wurden in dem neuen Atelier aufgenommen.<\/p>\n<figure id=\"attachment_2683\" aria-describedby=\"caption-attachment-2683\" style=\"width: 669px\" class=\"wp-caption aligncenter\"><a href=\"http:\/\/werner0304.alfahosting.org\/wordpress\/?attachment_id=2683\" rel=\"attachment wp-att-2683\"><img loading=\"lazy\" decoding=\"async\" class=\"size-full wp-image-2683\" src=\"http:\/\/werner0304.alfahosting.org\/wordpress\/wp-content\/uploads\/2016\/02\/steenbock-kreisch-cdv.jpg\" alt=\"Visitformat\" width=\"669\" height=\"414\" srcset=\"https:\/\/www.rostock-frueher.de\/wordpress\/wp-content\/uploads\/2016\/02\/steenbock-kreisch-cdv.jpg 669w, https:\/\/www.rostock-frueher.de\/wordpress\/wp-content\/uploads\/2016\/02\/steenbock-kreisch-cdv-300x186.jpg 300w\" sizes=\"auto, (max-width: 669px) 100vw, 669px\" \/><\/a><figcaption id=\"caption-attachment-2683\" class=\"wp-caption-text\">Visitformat<\/figcaption><\/figure>\n<figure id=\"attachment_2682\" aria-describedby=\"caption-attachment-2682\" style=\"width: 1074px\" class=\"wp-caption aligncenter\"><a href=\"http:\/\/werner0304.alfahosting.org\/wordpress\/?attachment_id=2682\" rel=\"attachment wp-att-2682\"><img loading=\"lazy\" decoding=\"async\" class=\"wp-image-2682 size-full\" src=\"http:\/\/werner0304.alfahosting.org\/wordpress\/wp-content\/uploads\/2016\/02\/steenbock-hopfenmarkt-soldat-kab.jpg\" alt=\"steenbock-hopfenmarkt-soldat-kab\" width=\"1074\" height=\"650\" srcset=\"https:\/\/www.rostock-frueher.de\/wordpress\/wp-content\/uploads\/2016\/02\/steenbock-hopfenmarkt-soldat-kab.jpg 1074w, https:\/\/www.rostock-frueher.de\/wordpress\/wp-content\/uploads\/2016\/02\/steenbock-hopfenmarkt-soldat-kab-300x182.jpg 300w, https:\/\/www.rostock-frueher.de\/wordpress\/wp-content\/uploads\/2016\/02\/steenbock-hopfenmarkt-soldat-kab-768x465.jpg 768w, https:\/\/www.rostock-frueher.de\/wordpress\/wp-content\/uploads\/2016\/02\/steenbock-hopfenmarkt-soldat-kab-1024x620.jpg 1024w\" sizes=\"auto, (max-width: 1074px) 100vw, 1074px\" \/><\/a><figcaption id=\"caption-attachment-2682\" class=\"wp-caption-text\">Kabinettformat<\/figcaption><\/figure>\n<figure id=\"attachment_2685\" aria-describedby=\"caption-attachment-2685\" style=\"width: 682px\" class=\"wp-caption aligncenter\"><a href=\"http:\/\/werner0304.alfahosting.org\/wordpress\/?attachment_id=2685\" rel=\"attachment wp-att-2685\"><img loading=\"lazy\" decoding=\"async\" class=\"size-full wp-image-2685\" src=\"http:\/\/werner0304.alfahosting.org\/wordpress\/wp-content\/uploads\/2016\/02\/steenbock-suse-1895-cdv-1.jpg\" alt=\"Visitformat\" width=\"682\" height=\"420\" srcset=\"https:\/\/www.rostock-frueher.de\/wordpress\/wp-content\/uploads\/2016\/02\/steenbock-suse-1895-cdv-1.jpg 682w, https:\/\/www.rostock-frueher.de\/wordpress\/wp-content\/uploads\/2016\/02\/steenbock-suse-1895-cdv-1-300x185.jpg 300w\" sizes=\"auto, (max-width: 682px) 100vw, 682px\" \/><\/a><figcaption id=\"caption-attachment-2685\" class=\"wp-caption-text\">Visitformat<\/figcaption><\/figure>\n<p>Das folgende Kabinettformat zeigt das Franz und Margarethe Erhardt. Franz Erhardt war Philosoph und von 1898 bis 1929 Professor an der Universit\u00e4t Rostock.<br \/>\n<a href=\"http:\/\/werner0304.alfahosting.org\/wordpress\/?attachment_id=2680\" rel=\"attachment wp-att-2680\"><img loading=\"lazy\" decoding=\"async\" class=\"aligncenter size-full wp-image-2680\" src=\"http:\/\/werner0304.alfahosting.org\/wordpress\/wp-content\/uploads\/2016\/02\/steenbock-erhardt-prof-kab.jpg\" alt=\"steenbock-erhardt-prof-kab\" width=\"1070\" height=\"646\" srcset=\"https:\/\/www.rostock-frueher.de\/wordpress\/wp-content\/uploads\/2016\/02\/steenbock-erhardt-prof-kab.jpg 1070w, https:\/\/www.rostock-frueher.de\/wordpress\/wp-content\/uploads\/2016\/02\/steenbock-erhardt-prof-kab-300x181.jpg 300w, https:\/\/www.rostock-frueher.de\/wordpress\/wp-content\/uploads\/2016\/02\/steenbock-erhardt-prof-kab-768x464.jpg 768w, https:\/\/www.rostock-frueher.de\/wordpress\/wp-content\/uploads\/2016\/02\/steenbock-erhardt-prof-kab-1024x618.jpg 1024w\" sizes=\"auto, (max-width: 1070px) 100vw, 1070px\" \/><\/a><\/p>\n<p>Die erhaltenen Bilder lassen vermuten, dass das Atelier des Hof-Photographen von eher wohlhabenden Leuten aufgesucht wurde. Auch die n\u00e4chste Aufnahme kann daf\u00fcr als Indiz gelten. Die gut gekleidete Dame lie\u00df sich auf einer nicht ganz preiswerten Platinotypie verewigen.<br \/>\n<a href=\"http:\/\/werner0304.alfahosting.org\/wordpress\/?attachment_id=2681\" rel=\"attachment wp-att-2681\"><img loading=\"lazy\" decoding=\"async\" class=\"aligncenter size-full wp-image-2681\" src=\"http:\/\/werner0304.alfahosting.org\/wordpress\/wp-content\/uploads\/2016\/02\/steenbock-frau-platinotypie.jpg\" alt=\"steenbock-frau-platinotypie\" width=\"380\" height=\"700\" srcset=\"https:\/\/www.rostock-frueher.de\/wordpress\/wp-content\/uploads\/2016\/02\/steenbock-frau-platinotypie.jpg 380w, https:\/\/www.rostock-frueher.de\/wordpress\/wp-content\/uploads\/2016\/02\/steenbock-frau-platinotypie-163x300.jpg 163w\" sizes=\"auto, (max-width: 380px) 100vw, 380px\" \/><\/a><\/p>\n<p>Um 1900\u00a0betrieben die Steenbocks eine Filiale in Ribnitz:<\/p>\n<figure id=\"attachment_2696\" aria-describedby=\"caption-attachment-2696\" style=\"width: 771px\" class=\"wp-caption aligncenter\"><a href=\"http:\/\/werner0304.alfahosting.org\/wordpress\/?attachment_id=2696\" rel=\"attachment wp-att-2696\"><img loading=\"lazy\" decoding=\"async\" class=\"size-full wp-image-2696\" src=\"http:\/\/werner0304.alfahosting.org\/wordpress\/wp-content\/uploads\/2016\/02\/steenbock-ribnitz-baby-cdv-Kopie.jpg\" alt=\"Visitformat\" width=\"771\" height=\"473\" srcset=\"https:\/\/www.rostock-frueher.de\/wordpress\/wp-content\/uploads\/2016\/02\/steenbock-ribnitz-baby-cdv-Kopie.jpg 771w, https:\/\/www.rostock-frueher.de\/wordpress\/wp-content\/uploads\/2016\/02\/steenbock-ribnitz-baby-cdv-Kopie-300x184.jpg 300w, https:\/\/www.rostock-frueher.de\/wordpress\/wp-content\/uploads\/2016\/02\/steenbock-ribnitz-baby-cdv-Kopie-768x471.jpg 768w\" sizes=\"auto, (max-width: 771px) 100vw, 771px\" \/><\/a><figcaption id=\"caption-attachment-2696\" class=\"wp-caption-text\">Visitformat<\/figcaption><\/figure>\n<p>Im Oktober 1903 wurde das Rostocker\u00a0Atelier wieder in die Kossfelderstra\u00dfe verlegt.<\/p>\n<figure id=\"attachment_2693\" aria-describedby=\"caption-attachment-2693\" style=\"width: 802px\" class=\"wp-caption aligncenter\"><a href=\"http:\/\/werner0304.alfahosting.org\/wordpress\/?attachment_id=2693\" rel=\"attachment wp-att-2693\"><img loading=\"lazy\" decoding=\"async\" class=\"size-full wp-image-2693\" src=\"http:\/\/werner0304.alfahosting.org\/wordpress\/wp-content\/uploads\/2016\/02\/steenbock-gribnitz-ra-1903-10-07.jpg\" alt=\"Rostocker Anzeiger 07.10.1903\" width=\"802\" height=\"306\" srcset=\"https:\/\/www.rostock-frueher.de\/wordpress\/wp-content\/uploads\/2016\/02\/steenbock-gribnitz-ra-1903-10-07.jpg 802w, https:\/\/www.rostock-frueher.de\/wordpress\/wp-content\/uploads\/2016\/02\/steenbock-gribnitz-ra-1903-10-07-300x114.jpg 300w, https:\/\/www.rostock-frueher.de\/wordpress\/wp-content\/uploads\/2016\/02\/steenbock-gribnitz-ra-1903-10-07-768x293.jpg 768w\" sizes=\"auto, (max-width: 802px) 100vw, 802px\" \/><\/a><figcaption id=\"caption-attachment-2693\" class=\"wp-caption-text\">Rostocker Anzeiger 07.10.1903<\/figcaption><\/figure>\n<p>Das Atelier am Hopfenmarkt wurde noch Jahrzehnte genutzt, zun\u00e4chst von Emil Schoeppach, der 1904\/1905 das Atelier \u201eErna\u201c betrieb. Wahrscheinlich gab es kurz nach 1900 den Versuch, eine Atelierkette namens \u201eErna\u201c zu installieren, denn es gab auch in M\u00fcnchen, Duisburg und Frankfurt\/M. Ateliers mit diesem Namen.<\/p>\n<figure id=\"attachment_2692\" aria-describedby=\"caption-attachment-2692\" style=\"width: 251px\" class=\"wp-caption aligncenter\"><a href=\"http:\/\/werner0304.alfahosting.org\/wordpress\/?attachment_id=2692\" rel=\"attachment wp-att-2692\"><img loading=\"lazy\" decoding=\"async\" class=\"size-full wp-image-2692\" src=\"http:\/\/werner0304.alfahosting.org\/wordpress\/wp-content\/uploads\/2016\/02\/schoeppach-erna-frau-1904-cdv-k.jpg\" alt=\"Visitformat. R\u00fcckseite ohne Atelieraufdruck, handschriftlich im August 1904 datiert.\" width=\"251\" height=\"407\" srcset=\"https:\/\/www.rostock-frueher.de\/wordpress\/wp-content\/uploads\/2016\/02\/schoeppach-erna-frau-1904-cdv-k.jpg 251w, https:\/\/www.rostock-frueher.de\/wordpress\/wp-content\/uploads\/2016\/02\/schoeppach-erna-frau-1904-cdv-k-185x300.jpg 185w\" sizes=\"auto, (max-width: 251px) 100vw, 251px\" \/><\/a><figcaption id=\"caption-attachment-2692\" class=\"wp-caption-text\">Visitformat. R\u00fcckseite ohne Atelieraufdruck, handschriftlich\u00a0auf August 1904 datiert.<\/figcaption><\/figure>\n<figure id=\"attachment_2720\" aria-describedby=\"caption-attachment-2720\" style=\"width: 258px\" class=\"wp-caption aligncenter\"><a href=\"http:\/\/werner0304.alfahosting.org\/wordpress\/?attachment_id=2720\" rel=\"attachment wp-att-2720\"><img loading=\"lazy\" decoding=\"async\" class=\"size-full wp-image-2720\" src=\"http:\/\/werner0304.alfahosting.org\/wordpress\/wp-content\/uploads\/2016\/02\/duisburg-erna-kleinkind-cdv.jpg\" alt=\"Duisburg. Atelier Erna. handschriftlich 1905 datiert. R\u00fcckseite blanko\" width=\"258\" height=\"417\" srcset=\"https:\/\/www.rostock-frueher.de\/wordpress\/wp-content\/uploads\/2016\/02\/duisburg-erna-kleinkind-cdv.jpg 258w, https:\/\/www.rostock-frueher.de\/wordpress\/wp-content\/uploads\/2016\/02\/duisburg-erna-kleinkind-cdv-186x300.jpg 186w\" sizes=\"auto, (max-width: 258px) 100vw, 258px\" \/><\/a><figcaption id=\"caption-attachment-2720\" class=\"wp-caption-text\">Duisburg. Atelier Erna. handschriftlich 1905 datiert. R\u00fcckseite blanko<\/figcaption><\/figure>\n<p>Letzter Nutzer des Ateliers am Hopfenmarkt war in den 1920er und 1930er Jahren Fritz Palm.<\/p>\n<figure id=\"attachment_2690\" aria-describedby=\"caption-attachment-2690\" style=\"width: 537px\" class=\"wp-caption aligncenter\"><a href=\"http:\/\/werner0304.alfahosting.org\/wordpress\/?attachment_id=2690\" rel=\"attachment wp-att-2690\"><img loading=\"lazy\" decoding=\"async\" class=\"size-full wp-image-2690\" src=\"http:\/\/werner0304.alfahosting.org\/wordpress\/wp-content\/uploads\/2016\/02\/palm-familie-ak.jpg\" alt=\"Ansichtskartenformat\" width=\"537\" height=\"350\" srcset=\"https:\/\/www.rostock-frueher.de\/wordpress\/wp-content\/uploads\/2016\/02\/palm-familie-ak.jpg 537w, https:\/\/www.rostock-frueher.de\/wordpress\/wp-content\/uploads\/2016\/02\/palm-familie-ak-300x196.jpg 300w\" sizes=\"auto, (max-width: 537px) 100vw, 537px\" \/><\/a><figcaption id=\"caption-attachment-2690\" class=\"wp-caption-text\">Ansichtskartenformat<\/figcaption><\/figure>\n<figure id=\"attachment_2691\" aria-describedby=\"caption-attachment-2691\" style=\"width: 686px\" class=\"wp-caption aligncenter\"><a href=\"http:\/\/werner0304.alfahosting.org\/wordpress\/?attachment_id=2691\" rel=\"attachment wp-att-2691\"><img loading=\"lazy\" decoding=\"async\" class=\"size-full wp-image-2691\" src=\"http:\/\/werner0304.alfahosting.org\/wordpress\/wp-content\/uploads\/2016\/02\/palm-familie-ak-r.jpg\" alt=\"r\u00fcckseitiger Stempel\" width=\"686\" height=\"86\" srcset=\"https:\/\/www.rostock-frueher.de\/wordpress\/wp-content\/uploads\/2016\/02\/palm-familie-ak-r.jpg 686w, https:\/\/www.rostock-frueher.de\/wordpress\/wp-content\/uploads\/2016\/02\/palm-familie-ak-r-300x38.jpg 300w\" sizes=\"auto, (max-width: 686px) 100vw, 686px\" \/><\/a><figcaption id=\"caption-attachment-2691\" class=\"wp-caption-text\">r\u00fcckseitiger Stempel, vergr\u00f6\u00dfert dargestellt<\/figcaption><\/figure>\n<figure id=\"attachment_2677\" aria-describedby=\"caption-attachment-2677\" style=\"width: 314px\" class=\"wp-caption aligncenter\"><a href=\"http:\/\/werner0304.alfahosting.org\/wordpress\/?attachment_id=2677\" rel=\"attachment wp-att-2677\"><img loading=\"lazy\" decoding=\"async\" class=\"size-full wp-image-2677\" src=\"http:\/\/werner0304.alfahosting.org\/wordpress\/wp-content\/uploads\/2016\/02\/hopfenmarkt-1950-60er-fo.jpg\" alt=\"Das ehemalige Atelier um 1960\" width=\"314\" height=\"418\" srcset=\"https:\/\/www.rostock-frueher.de\/wordpress\/wp-content\/uploads\/2016\/02\/hopfenmarkt-1950-60er-fo.jpg 314w, https:\/\/www.rostock-frueher.de\/wordpress\/wp-content\/uploads\/2016\/02\/hopfenmarkt-1950-60er-fo-225x300.jpg 225w\" sizes=\"auto, (max-width: 314px) 100vw, 314px\" \/><\/a><figcaption id=\"caption-attachment-2677\" class=\"wp-caption-text\">Das ehemalige Atelier um 1960<\/figcaption><\/figure>\n<p>Zur\u00fcck in die Kossfelderstra\u00dfe zu den Steenbocks. Sievert Steenbock starb am08.03.1904. Franz Steenbock f\u00fchrte das Gesch\u00e4ft fort. Anfang April 1904 wandte er sich an den Gro\u00dfherzog zwecks Beibehaltung des Hof-Photographen-Titels. Es wurde eine Neuverleihung des Titels verf\u00fcgt: \u201eSeine K\u00f6nigliche Hoheit der Gro\u00dfherzog haben dem Photographen Franz Steenbock, in Firma Steenbock und Sohn, in Rostock den Titel als Hofphotograph zu verleihen geruht. Schwerin, den 13. April 1904.\u201c<\/p>\n<p>Franz Steenbock hatte in Rostocks Beletage eingeheiratet. Seine Frau Bertha, die er 1889 ehelichte, war die Tochter des Reeders Friedrich Zelck. Wenn ein neues Schiff getauft wurde,\u00a0soll Steenbock immer\u00a0mit der Kamera dabei gewesen sein. Leider habe ich keinen bildlichen Beleg daf\u00fcr. Er war aktiver Segler im Segelclub \u201eGreif\u201c. Der Rostocker Anzeiger berichtete am 23.6.1893 vom Zieleinlauf einer Vereinswettfahrt: \u201eAls Erster erschien der Kutter \u201eGermania\u201c (Besitzer F. Steenbock jun.), welcher um 5 Uhr 54 Minuten den Start am Fischerthor passirte und den ersten Preis errang.\u201c<\/p>\n<figure id=\"attachment_2704\" aria-describedby=\"caption-attachment-2704\" style=\"width: 265px\" class=\"wp-caption aligncenter\"><a href=\"http:\/\/werner0304.alfahosting.org\/wordpress\/?attachment_id=2704\" rel=\"attachment wp-att-2704\"><img loading=\"lazy\" decoding=\"async\" class=\"size-full wp-image-2704\" src=\"http:\/\/werner0304.alfahosting.org\/wordpress\/wp-content\/uploads\/2016\/02\/z-wedemeyer-palack-steenbock-mutting-1906-1907-cdv.jpg\" alt=\"Visitformat, R\u00fcckseite blanko, handschriftlich auf 1906 datiert\" width=\"265\" height=\"419\" srcset=\"https:\/\/www.rostock-frueher.de\/wordpress\/wp-content\/uploads\/2016\/02\/z-wedemeyer-palack-steenbock-mutting-1906-1907-cdv.jpg 265w, https:\/\/www.rostock-frueher.de\/wordpress\/wp-content\/uploads\/2016\/02\/z-wedemeyer-palack-steenbock-mutting-1906-1907-cdv-190x300.jpg 190w\" sizes=\"auto, (max-width: 265px) 100vw, 265px\" \/><\/a><figcaption id=\"caption-attachment-2704\" class=\"wp-caption-text\">Visitformat, R\u00fcckseite blanko, handschriftlich auf 1906 datiert<\/figcaption><\/figure>\n<figure id=\"attachment_2702\" aria-describedby=\"caption-attachment-2702\" style=\"width: 194px\" class=\"wp-caption aligncenter\"><a href=\"http:\/\/werner0304.alfahosting.org\/wordpress\/?attachment_id=2702\" rel=\"attachment wp-att-2702\"><img loading=\"lazy\" decoding=\"async\" class=\"size-full wp-image-2702\" src=\"http:\/\/werner0304.alfahosting.org\/wordpress\/wp-content\/uploads\/2016\/02\/steenbock-raspe-cdv.jpg\" alt=\"Hochzeitsbild eines Rostocker Oberlehrers und einer Kaufmannstochter von 1907, Prinzessformat, R\u00fcckseite blanko\" width=\"194\" height=\"467\" srcset=\"https:\/\/www.rostock-frueher.de\/wordpress\/wp-content\/uploads\/2016\/02\/steenbock-raspe-cdv.jpg 194w, https:\/\/www.rostock-frueher.de\/wordpress\/wp-content\/uploads\/2016\/02\/steenbock-raspe-cdv-125x300.jpg 125w\" sizes=\"auto, (max-width: 194px) 100vw, 194px\" \/><\/a><figcaption id=\"caption-attachment-2702\" class=\"wp-caption-text\">Hochzeitsbild eines Rostocker Oberlehrers und einer Kaufmannstochter von 1907, Prinzessformat, R\u00fcckseite blanko<\/figcaption><\/figure>\n<figure id=\"attachment_2703\" aria-describedby=\"caption-attachment-2703\" style=\"width: 646px\" class=\"wp-caption aligncenter\"><a href=\"http:\/\/werner0304.alfahosting.org\/wordpress\/?attachment_id=2703\" rel=\"attachment wp-att-2703\"><img loading=\"lazy\" decoding=\"async\" class=\"size-full wp-image-2703\" src=\"http:\/\/werner0304.alfahosting.org\/wordpress\/wp-content\/uploads\/2016\/02\/steenbock-studenten-1907-kab.jpg\" alt=\"Studentische Verbindung Wingolf, Sommersemester 1907, Kabinettformat, R\u00fcckseite blanko\" width=\"646\" height=\"418\" srcset=\"https:\/\/www.rostock-frueher.de\/wordpress\/wp-content\/uploads\/2016\/02\/steenbock-studenten-1907-kab.jpg 646w, https:\/\/www.rostock-frueher.de\/wordpress\/wp-content\/uploads\/2016\/02\/steenbock-studenten-1907-kab-300x194.jpg 300w\" sizes=\"auto, (max-width: 646px) 100vw, 646px\" \/><\/a><figcaption id=\"caption-attachment-2703\" class=\"wp-caption-text\">Studentische Verbindung Wingolf, Sommersemester 1907, Kabinettformat, R\u00fcckseite blanko<\/figcaption><\/figure>\n<figure id=\"attachment_2701\" aria-describedby=\"caption-attachment-2701\" style=\"width: 415px\" class=\"wp-caption aligncenter\"><a href=\"http:\/\/werner0304.alfahosting.org\/wordpress\/?attachment_id=2701\" rel=\"attachment wp-att-2701\"><img loading=\"lazy\" decoding=\"async\" class=\"size-full wp-image-2701\" src=\"http:\/\/werner0304.alfahosting.org\/wordpress\/wp-content\/uploads\/2016\/02\/steenbock-paar-siehe-reimer-1910er-kab.jpg\" alt=\"Unten rechts Pr\u00e4gung: Steenbock &amp; Sohn, Kabinettformat, R\u00fcckseite blanko\" width=\"415\" height=\"637\" srcset=\"https:\/\/www.rostock-frueher.de\/wordpress\/wp-content\/uploads\/2016\/02\/steenbock-paar-siehe-reimer-1910er-kab.jpg 415w, https:\/\/www.rostock-frueher.de\/wordpress\/wp-content\/uploads\/2016\/02\/steenbock-paar-siehe-reimer-1910er-kab-195x300.jpg 195w\" sizes=\"auto, (max-width: 415px) 100vw, 415px\" \/><\/a><figcaption id=\"caption-attachment-2701\" class=\"wp-caption-text\">Unten rechts Pr\u00e4gung: Steenbock &amp; Sohn, Kabinettformat, R\u00fcckseite blanko<\/figcaption><\/figure>\n<figure id=\"attachment_2700\" aria-describedby=\"caption-attachment-2700\" style=\"width: 422px\" class=\"wp-caption aligncenter\"><a href=\"http:\/\/werner0304.alfahosting.org\/wordpress\/?attachment_id=2700\" rel=\"attachment wp-att-2700\"><img loading=\"lazy\" decoding=\"async\" class=\"size-full wp-image-2700\" src=\"http:\/\/werner0304.alfahosting.org\/wordpress\/wp-content\/uploads\/2016\/02\/steenbock-herr-brille-kab.jpg\" alt=\"Kabinettformat, R\u00fcckseite blanko\" width=\"422\" height=\"649\" srcset=\"https:\/\/www.rostock-frueher.de\/wordpress\/wp-content\/uploads\/2016\/02\/steenbock-herr-brille-kab.jpg 422w, https:\/\/www.rostock-frueher.de\/wordpress\/wp-content\/uploads\/2016\/02\/steenbock-herr-brille-kab-195x300.jpg 195w\" sizes=\"auto, (max-width: 422px) 100vw, 422px\" \/><\/a><figcaption id=\"caption-attachment-2700\" class=\"wp-caption-text\">Kabinettformat, R\u00fcckseite blanko<\/figcaption><\/figure>\n<p>Franz Steenbock fotografierte nicht nur, er behandelte auch verblasste \u00d6lgem\u00e4lde nach dem Verfahren von Max von Pettenkofer. <span style=\"color: #000000; font-family: Calibri;\"><br \/>\n<\/span><\/p>\n<figure id=\"attachment_2708\" aria-describedby=\"caption-attachment-2708\" style=\"width: 370px\" class=\"wp-caption aligncenter\"><a href=\"http:\/\/werner0304.alfahosting.org\/wordpress\/?attachment_id=2708\" rel=\"attachment wp-att-2708\"><img loading=\"lazy\" decoding=\"async\" class=\"size-full wp-image-2708\" src=\"http:\/\/werner0304.alfahosting.org\/wordpress\/wp-content\/uploads\/2016\/02\/steenbock-kotelmann-ra-1912-01-24.jpg\" alt=\"Rostocker Anzeiger, 24.01.1912\" width=\"370\" height=\"221\" srcset=\"https:\/\/www.rostock-frueher.de\/wordpress\/wp-content\/uploads\/2016\/02\/steenbock-kotelmann-ra-1912-01-24.jpg 370w, https:\/\/www.rostock-frueher.de\/wordpress\/wp-content\/uploads\/2016\/02\/steenbock-kotelmann-ra-1912-01-24-300x179.jpg 300w\" sizes=\"auto, (max-width: 370px) 100vw, 370px\" \/><\/a><figcaption id=\"caption-attachment-2708\" class=\"wp-caption-text\">Rostocker Anzeiger, 24.01.1912<\/figcaption><\/figure>\n<p>Der 1. Weltkrieg f\u00fchrte anscheinend zu Nachwuchsmangel. So inserierte Steenbock mehrfach in den Kriegsjahren eine Lehrstelle.<span style=\"color: #000000; font-family: Calibri;\"><br \/>\n<\/span><\/p>\n<figure id=\"attachment_2709\" aria-describedby=\"caption-attachment-2709\" style=\"width: 394px\" class=\"wp-caption aligncenter\"><a href=\"http:\/\/werner0304.alfahosting.org\/wordpress\/?attachment_id=2709\" rel=\"attachment wp-att-2709\"><img loading=\"lazy\" decoding=\"async\" class=\"size-full wp-image-2709\" src=\"http:\/\/werner0304.alfahosting.org\/wordpress\/wp-content\/uploads\/2016\/02\/steenbock-ra-1915-03-19.jpg\" alt=\"Rostocker Anzeiger, 19.03.1915\" width=\"394\" height=\"222\" srcset=\"https:\/\/www.rostock-frueher.de\/wordpress\/wp-content\/uploads\/2016\/02\/steenbock-ra-1915-03-19.jpg 394w, https:\/\/www.rostock-frueher.de\/wordpress\/wp-content\/uploads\/2016\/02\/steenbock-ra-1915-03-19-300x169.jpg 300w\" sizes=\"auto, (max-width: 394px) 100vw, 394px\" \/><\/a><figcaption id=\"caption-attachment-2709\" class=\"wp-caption-text\">Rostocker Anzeiger, 19.03.1915<\/figcaption><\/figure>\n<p>Der Krieg brachte ein neues Aufgabenfeld: Erinnerungsfotos der gefallenen S\u00f6hne. Die folgende (sprachlich etwas abenteuerliche) Anzeige erschien regelm\u00e4\u00dfig in den Kriegsjahren:<\/p>\n<figure id=\"attachment_2710\" aria-describedby=\"caption-attachment-2710\" style=\"width: 394px\" class=\"wp-caption aligncenter\"><a href=\"http:\/\/werner0304.alfahosting.org\/wordpress\/?attachment_id=2710\" rel=\"attachment wp-att-2710\"><img loading=\"lazy\" decoding=\"async\" class=\"size-full wp-image-2710\" src=\"http:\/\/werner0304.alfahosting.org\/wordpress\/wp-content\/uploads\/2016\/02\/steenbock-r-a-1916-04-07.jpg\" alt=\"Rostocker Anzeiger, 07.04.1916\" width=\"394\" height=\"112\" srcset=\"https:\/\/www.rostock-frueher.de\/wordpress\/wp-content\/uploads\/2016\/02\/steenbock-r-a-1916-04-07.jpg 394w, https:\/\/www.rostock-frueher.de\/wordpress\/wp-content\/uploads\/2016\/02\/steenbock-r-a-1916-04-07-300x85.jpg 300w\" sizes=\"auto, (max-width: 394px) 100vw, 394px\" \/><\/a><figcaption id=\"caption-attachment-2710\" class=\"wp-caption-text\">Rostocker Anzeiger, 07.04.1916<\/figcaption><\/figure>\n<p>Nur wenige fotografische Stadtansichten sind von den Steenbocks \u00fcberliefert. Ob das n\u00e4chste Bild von Sievert Steenbock aufgenommen oder nur reproduziert wurde, ist ungekl\u00e4rt.<\/p>\n<figure id=\"attachment_2706\" aria-describedby=\"caption-attachment-2706\" style=\"width: 570px\" class=\"wp-caption aligncenter\"><a href=\"http:\/\/werner0304.alfahosting.org\/wordpress\/?attachment_id=2706\" rel=\"attachment wp-att-2706\"><img loading=\"lazy\" decoding=\"async\" class=\"size-full wp-image-2706\" src=\"http:\/\/werner0304.alfahosting.org\/wordpress\/wp-content\/uploads\/2016\/02\/neuer-markt-1862-fo.jpg\" alt=\"Neuer Markt, sp\u00e4testens 1863. Reproduktion von S. Steenbock, wohl 1890er Jahre\" width=\"570\" height=\"763\" srcset=\"https:\/\/www.rostock-frueher.de\/wordpress\/wp-content\/uploads\/2016\/02\/neuer-markt-1862-fo.jpg 570w, https:\/\/www.rostock-frueher.de\/wordpress\/wp-content\/uploads\/2016\/02\/neuer-markt-1862-fo-224x300.jpg 224w\" sizes=\"auto, (max-width: 570px) 100vw, 570px\" \/><\/a><figcaption id=\"caption-attachment-2706\" class=\"wp-caption-text\">Neuer Markt, sp\u00e4testens 1863. Reproduktion von S. Steenbock, wohl 1890er Jahre<\/figcaption><\/figure>\n<figure id=\"attachment_3584\" aria-describedby=\"caption-attachment-3584\" style=\"width: 340px\" class=\"wp-caption aligncenter\"><a href=\"http:\/\/werner0304.alfahosting.org\/wordpress\/?attachment_id=3584\" rel=\"attachment wp-att-3584\"><img loading=\"lazy\" decoding=\"async\" class=\"size-full wp-image-3584\" src=\"http:\/\/werner0304.alfahosting.org\/wordpress\/wp-content\/uploads\/2017\/01\/steenbock-steintor-ak.jpg\" alt=\"\" width=\"340\" height=\"550\" srcset=\"https:\/\/www.rostock-frueher.de\/wordpress\/wp-content\/uploads\/2017\/01\/steenbock-steintor-ak.jpg 340w, https:\/\/www.rostock-frueher.de\/wordpress\/wp-content\/uploads\/2017\/01\/steenbock-steintor-ak-185x300.jpg 185w\" sizes=\"auto, (max-width: 340px) 100vw, 340px\" \/><\/a><figcaption id=\"caption-attachment-3584\" class=\"wp-caption-text\">Rostock. Steintor. R\u00fcckseitiger Aufdruck: Verlag Franz Steenbock, Hofphotogr., Rostock. Ansichtskarte, ungelaufen<\/figcaption><\/figure>\n<figure id=\"attachment_2711\" aria-describedby=\"caption-attachment-2711\" style=\"width: 547px\" class=\"wp-caption aligncenter\"><a href=\"http:\/\/werner0304.alfahosting.org\/wordpress\/?attachment_id=2711\" rel=\"attachment wp-att-2711\"><img loading=\"lazy\" decoding=\"async\" class=\"size-full wp-image-2711\" src=\"http:\/\/werner0304.alfahosting.org\/wordpress\/wp-content\/uploads\/2016\/02\/steenbock-rosengarten-ak-1.jpg\" alt=\"Rostock. Wallpromenade. R\u00fcckseitiger Aufdruck: Verlag Franz Steenbock, Hofphotogr., Rostock. Ansichtskarte, 1925 gelaufen.\" width=\"547\" height=\"348\" srcset=\"https:\/\/www.rostock-frueher.de\/wordpress\/wp-content\/uploads\/2016\/02\/steenbock-rosengarten-ak-1.jpg 547w, https:\/\/www.rostock-frueher.de\/wordpress\/wp-content\/uploads\/2016\/02\/steenbock-rosengarten-ak-1-300x191.jpg 300w\" sizes=\"auto, (max-width: 547px) 100vw, 547px\" \/><\/a><figcaption id=\"caption-attachment-2711\" class=\"wp-caption-text\">Rostock. Wallpromenade. R\u00fcckseitiger Aufdruck: Verlag Franz Steenbock, Hofphotogr., Rostock. Ansichtskarte, 1925 gelaufen.<\/figcaption><\/figure>\n<p>Im Jahr 1925 hatte das Steenbocksche Atelier bereits seit ca. drei Jahren seinen Betrieb eingestellt.<br \/>\nBis 1940 findet sich der Name des Hofphotographen im Adressbuch. Wahrscheinlich wird das Wohn- und Gesch\u00e4ftshaus in der Ko\u00dffelderstra\u00dfe bei den Bombardierungen im Jahr 1942 zerst\u00f6rt. Am 25. Mai 1945 stirbt Franz Steenbock in K\u00fchlungsborn.<br \/>\nBleiben werden die Bilder aus vornehmlich besseren Kreisen der Rostocker Gesellschaft.<\/p>\n<figure id=\"attachment_2707\" aria-describedby=\"caption-attachment-2707\" style=\"width: 378px\" class=\"wp-caption aligncenter\"><a href=\"http:\/\/werner0304.alfahosting.org\/wordpress\/?attachment_id=2707\" rel=\"attachment wp-att-2707\"><img loading=\"lazy\" decoding=\"async\" class=\"size-full wp-image-2707\" src=\"http:\/\/werner0304.alfahosting.org\/wordpress\/wp-content\/uploads\/2016\/02\/steenbock-junge-frau-kab.jpg\" alt=\"Kabinettformat, R\u00fcckseite blanko\" width=\"378\" height=\"748\" srcset=\"https:\/\/www.rostock-frueher.de\/wordpress\/wp-content\/uploads\/2016\/02\/steenbock-junge-frau-kab.jpg 378w, https:\/\/www.rostock-frueher.de\/wordpress\/wp-content\/uploads\/2016\/02\/steenbock-junge-frau-kab-152x300.jpg 152w\" sizes=\"auto, (max-width: 378px) 100vw, 378px\" \/><\/a><figcaption id=\"caption-attachment-2707\" class=\"wp-caption-text\">Kabinettformat, R\u00fcckseite blanko<\/figcaption><\/figure>\n<p><span style=\"color: #000000; font-family: Calibri;\">\u00a0<\/span><\/p>\n","protected":false},"excerpt":{"rendered":"Sievert Nicolai Steenbock wurde 1821 in Adelbye bei Flensburg geboren. Dort\u00a0lernte er bei dem Maler Matthias Kriegsmann, der sich auch der Daguerreotypie und der Fotografie widmete. In den 1840er Jahren war Steenbock zeitweilig in Rostock, ab 1846 wohl dauerhaft. 1849 erhielt Steenbock eine Konzession als Lithograph und das Rostocker B\u00fcrgerrecht. Steenbock war vielseitig interessiert und [&hellip;]","protected":false},"author":1,"featured_media":0,"parent":210,"menu_order":33,"comment_status":"closed","ping_status":"closed","template":"","meta":{"footnotes":""},"class_list":["post-2645","page","type-page","status-publish","hentry"],"_links":{"self":[{"href":"https:\/\/www.rostock-frueher.de\/wordpress\/index.php?rest_route=\/wp\/v2\/pages\/2645","targetHints":{"allow":["GET"]}}],"collection":[{"href":"https:\/\/www.rostock-frueher.de\/wordpress\/index.php?rest_route=\/wp\/v2\/pages"}],"about":[{"href":"https:\/\/www.rostock-frueher.de\/wordpress\/index.php?rest_route=\/wp\/v2\/types\/page"}],"author":[{"embeddable":true,"href":"https:\/\/www.rostock-frueher.de\/wordpress\/index.php?rest_route=\/wp\/v2\/users\/1"}],"replies":[{"embeddable":true,"href":"https:\/\/www.rostock-frueher.de\/wordpress\/index.php?rest_route=%2Fwp%2Fv2%2Fcomments&post=2645"}],"version-history":[{"count":16,"href":"https:\/\/www.rostock-frueher.de\/wordpress\/index.php?rest_route=\/wp\/v2\/pages\/2645\/revisions"}],"predecessor-version":[{"id":4346,"href":"https:\/\/www.rostock-frueher.de\/wordpress\/index.php?rest_route=\/wp\/v2\/pages\/2645\/revisions\/4346"}],"up":[{"embeddable":true,"href":"https:\/\/www.rostock-frueher.de\/wordpress\/index.php?rest_route=\/wp\/v2\/pages\/210"}],"wp:attachment":[{"href":"https:\/\/www.rostock-frueher.de\/wordpress\/index.php?rest_route=%2Fwp%2Fv2%2Fmedia&parent=2645"}],"curies":[{"name":"wp","href":"https:\/\/api.w.org\/{rel}","templated":true}]}}